{"id":39038,"date":"2026-01-16T10:34:07","date_gmt":"2026-01-16T09:34:07","guid":{"rendered":"https:\/\/ulmerzelt.de\/?post_type=mec-events&#038;p=39038"},"modified":"2026-01-16T10:34:07","modified_gmt":"2026-01-16T09:34:07","slug":"herbert-pixner-projekt-428-691","status":"publish","type":"mec-events","link":"https:\/\/ulmerzelt.de\/?mec-events=herbert-pixner-projekt-428-691","title":{"rendered":"Beyond the Black"},"content":{"rendered":"\n<p><\/p>\n\n\n\n<p>Was in Wacken einschl\u00e4gt,\u00a0 z\u00fcndet auch im Zelt: Beyond The Black ist eine der gro\u00dfen Symphonic Metal Bands und liefert auf gro\u00dfen wie auf kleinen B\u00fchnen eine phantastische Show: Wuchtiger, melodischer Metal mit symphonischen Akzenten, orchestralen Elementen und der Stimme von Ausnahmes\u00e4ngerin Jennifer Haben, deren charismatische Powerballaden unter die Haut gehen.\u00a0 Genau diese Mischung aus H\u00e4rte, Emotion und musikalischer Versiertheit macht den Reiz von Beyond The Black aus.\u00a0 Die Band pr\u00e4sentiert ihr neues, bereits vielfach hochgelobtes, energiegeladenes und facettenreiches Album \u201eBreak the Silence\u201c.<\/p>\n\n\n\n<p><\/p>\n","protected":false},"excerpt":{"rendered":"<p>Was in Wacken einschl\u00e4gt,\u00a0 z\u00fcndet auch im Zelt: Beyond The Black ist eine der gro\u00dfen Symphonic Metal Bands und liefert auf gro\u00dfen wie auf kleinen B\u00fchnen eine phantastische Show: Wuchtiger, melodischer Metal mit symphonischen Akzenten, orchestralen Elementen und der Stimme von Ausnahmes\u00e4ngerin Jennifer Haben, deren charismatische Powerballaden unter die Haut gehen.\u00a0 Genau diese Mischung aus &hellip;<\/p>\n<p class=\"read-more\"> <a class=\"ast-button\" href=\"https:\/\/ulmerzelt.de\/?mec-events=herbert-pixner-projekt-428-691\"> <span class=\"screen-reader-text\">Beyond the Black<\/span> Read More \u00bb<\/a><\/p>\n","protected":false},"author":218,"featured_media":39044,"comment_status":"closed","ping_status":"closed","template":"","meta":{"site-sidebar-layout":"default","site-content-layout":"default","ast-global-header-display":"","ast-main-header-display":"","ast-hfb-above-header-display":null,"ast-hfb-below-header-display":null,"ast-hfb-mobile-header-display":"","site-post-title":"","ast-breadcrumbs-content":null,"ast-featured-img":"","footer-sml-layout":"","theme-transparent-header-meta":"default","adv-header-id-meta":"","stick-header-meta":"default","header-above-stick-meta":null,"header-main-stick-meta":"","header-below-stick-meta":null,"ngg_post_thumbnail":0},"tags":[437,436],"mec_category":[81],"mec_speaker":[],"mec_sponsor":[],"class_list":["post-39038","mec-events","type-mec-events","status-publish","has-post-thumbnail","hentry","tag-437","tag-newsletter","mec_category-hauptprogramm"],"jetpack_sharing_enabled":true,"_links":{"self":[{"href":"https:\/\/ulmerzelt.de\/index.php?rest_route=\/wp\/v2\/mec-events\/39038","targetHints":{"allow":["GET"]}}],"collection":[{"href":"https:\/\/ulmerzelt.de\/index.php?rest_route=\/wp\/v2\/mec-events"}],"about":[{"href":"https:\/\/ulmerzelt.de\/index.php?rest_route=\/wp\/v2\/types\/mec-events"}],"author":[{"embeddable":true,"href":"https:\/\/ulmerzelt.de\/index.php?rest_route=\/wp\/v2\/users\/218"}],"replies":[{"embeddable":true,"href":"https:\/\/ulmerzelt.de\/index.php?rest_route=%2Fwp%2Fv2%2Fcomments&post=39038"}],"wp:featuredmedia":[{"embeddable":true,"href":"https:\/\/ulmerzelt.de\/index.php?rest_route=\/wp\/v2\/media\/39044"}],"wp:attachment":[{"href":"https:\/\/ulmerzelt.de\/index.php?rest_route=%2Fwp%2Fv2%2Fmedia&parent=39038"}],"wp:term":[{"taxonomy":"post_tag","embeddable":true,"href":"https:\/\/ulmerzelt.de\/index.php?rest_route=%2Fwp%2Fv2%2Ftags&post=39038"},{"taxonomy":"mec_category","embeddable":true,"href":"https:\/\/ulmerzelt.de\/index.php?rest_route=%2Fwp%2Fv2%2Fmec_category&post=39038"},{"taxonomy":"mec_speaker","embeddable":true,"href":"https:\/\/ulmerzelt.de\/index.php?rest_route=%2Fwp%2Fv2%2Fmec_speaker&post=39038"},{"taxonomy":"mec_sponsor","embeddable":true,"href":"https:\/\/ulmerzelt.de\/index.php?rest_route=%2Fwp%2Fv2%2Fmec_sponsor&post=39038"}],"curies":[{"name":"wp","href":"https:\/\/api.w.org\/{rel}","templated":true}]}}