{"id":36404,"date":"2025-10-13T13:11:14","date_gmt":"2025-10-13T11:11:14","guid":{"rendered":"https:\/\/ulmerzelt.de\/?page_id=36404"},"modified":"2026-04-21T15:58:16","modified_gmt":"2026-04-21T13:58:16","slug":"privat-startseite-anne-versuch","status":"publish","type":"page","link":"https:\/\/ulmerzelt.de\/","title":{"rendered":"Startseite"},"content":{"rendered":"<div id=\"pl-36404\"  class=\"panel-layout\" ><div id=\"pg-36404-0\"  class=\"panel-grid panel-has-style\" ><div class=\"siteorigin-panels-stretch panel-row-style panel-row-style-for-36404-0\" data-stretch-type=\"full-width-stretch\" ><div id=\"pgc-36404-0-0\"  class=\"panel-grid-cell\" ><div id=\"panel-36404-0-0-0\" class=\"so-panel widget widget_sow-image-grid panel-first-child\" data-index=\"0\" ><div class=\"panel-widget-style panel-widget-style-for-36404-0-0-0\" ><div\n\t\t\t\n\t\t\tclass=\"so-widget-sow-image-grid so-widget-sow-image-grid-default-2466f1d614de-36404\"\n\t\t\t\n\t\t>\t<div\n\t\tclass=\"sow-image-grid-wrapper\"\n\t\t\t\t\t>\n\t\t\t\t\t<div class=\"sow-image-grid-image\">\n\t\t\t\t\t\t\t\t\t\t\t\t<img loading=\"lazy\" decoding=\"async\" width=\"2560\" height=\"948\" src=\"https:\/\/ulmerzelt.de\/wp-content\/uploads\/2025\/10\/Unbenannt-scaled.jpg\" class=\"sow-image-grid-image_html\" alt=\"\" title=\"Unbenannt\" srcset=\"https:\/\/ulmerzelt.de\/wp-content\/uploads\/2025\/10\/Unbenannt-scaled.jpg 2560w, https:\/\/ulmerzelt.de\/wp-content\/uploads\/2025\/10\/Unbenannt-300x111.jpg 300w, https:\/\/ulmerzelt.de\/wp-content\/uploads\/2025\/10\/Unbenannt-1024x379.jpg 1024w, https:\/\/ulmerzelt.de\/wp-content\/uploads\/2025\/10\/Unbenannt-768x284.jpg 768w, https:\/\/ulmerzelt.de\/wp-content\/uploads\/2025\/10\/Unbenannt-1536x569.jpg 1536w, https:\/\/ulmerzelt.de\/wp-content\/uploads\/2025\/10\/Unbenannt-2048x758.jpg 2048w\" sizes=\"auto, (max-width: 2560px) 100vw, 2560px\" \/>\t\t\t\t\t\t\t\t\t\t\t<\/div>\n\t\t\t<\/div>\n<\/div><\/div><\/div><div id=\"panel-36404-0-0-1\" class=\"widget_text so-panel widget widget_custom_html panel-last-child\" data-index=\"1\" ><div class=\"widget_text panel-widget-style panel-widget-style-for-36404-0-0-1\" ><div class=\"textwidget custom-html-widget\"><style>\n.scroll-text-block {\n  position: relative;\n  width: 100%;\n  overflow: hidden;\n  white-space: nowrap;\n  background: transparent;\n  padding: 10px 0;\n}\n\n.scroll-text-block .scroll-track {\n  display: inline-block;\n  white-space: nowrap;\n  will-change: transform;\n  animation: scroll-left 25s linear infinite; \/* etwas schneller *\/\n}\n\n.scroll-text-block .scroll-track span {\n  display: inline-block;\n  font-size: 1.4rem;\n  color: #009BC0;\n  font-weight: 400;\n  font-family: \"Helvetica Neue\", Helvetica, Arial, sans-serif;\n  letter-spacing: 0.5px;\n}\n\n\/* Animation *\/\n@keyframes scroll-left {\n  0% {\n    transform: translateX(10%); \/* statt 100% \u2192 startet n\u00e4her am sichtbaren Bereich *\/\n  }\n  100% {\n    transform: translateX(-100%);\n  }\n}\n\n\/* Responsiv f\u00fcr kleine Screens *\/\n@media (max-width: 768px) {\n  .scroll-text-block .scroll-track span {\n    font-size: 1rem;\n  }\n  .scroll-text-block .scroll-track {\n    animation-duration: 30s; \/* langsamer auf kleinen Screens *\/\n  }\n}\n<\/style>\n\n<div class=\"scroll-text-block\">\n  <div class=\"scroll-track\">\n    <span>\n      +++ gesamtes Programm ver\u00f6ffentlicht - Tickets jetzt sichern +++\n      gesamtes Programm ver\u00f6ffentlicht - Tickets jetzt sichern +++\n      gesamtes Programm ver\u00f6ffentlicht - Tickets jetzt sichern +++\n    <\/span>\n  <\/div>\n<\/div><\/div><\/div><\/div><\/div><\/div><\/div><div id=\"pg-36404-1\"  class=\"panel-grid panel-has-style\" ><div class=\"panel-row-style panel-row-style-for-36404-1\" ><div id=\"pgc-36404-1-0\"  class=\"panel-grid-cell\" ><div id=\"panel-36404-1-0-0\" class=\"so-panel widget widget_sow-button panel-first-child panel-last-child\" data-index=\"2\" ><div\n\t\t\t\n\t\t\tclass=\"so-widget-sow-button so-widget-sow-button-flat-c4b198941fed-36404\"\n\t\t\t\n\t\t><div class=\"ow-button-base ow-button-align-center\"\n>\n\t\t\t<a\n\t\t\t\t\thref=\"https:\/\/ulmerzelt.de\/?page_id=5687\"\n\t\t\t\t\tclass=\"sowb-button ow-icon-placement-left\" target=\"_blank\" rel=\"noopener noreferrer\" \t>\n\t\t<span>\n\t\t\t<span class=\"sow-icon-fontawesome sow-far\" data-sow-icon=\"&#xf073;\"\n\t\tstyle=\"color: #ffffff\" \n\t\taria-hidden=\"true\"><\/span>\n\t\t\thier zum Programm\t\t<\/span>\n\t\t\t<\/a>\n\t<\/div>\n<\/div><\/div><\/div><div id=\"pgc-36404-1-1\"  class=\"panel-grid-cell\" ><div id=\"panel-36404-1-1-0\" class=\"so-panel widget widget_sow-button panel-first-child panel-last-child\" data-index=\"3\" ><div\n\t\t\t\n\t\t\tclass=\"so-widget-sow-button so-widget-sow-button-flat-c4b198941fed-36404\"\n\t\t\t\n\t\t><div class=\"ow-button-base ow-button-align-center\"\n>\n\t\t\t<a href=\"https:\/\/ulmerzelt.online-ticket.de\/ulmer-zelt-2026?affiliate=webseite\" class=\"sowb-button ow-icon-placement-left\" target=\"_blank\" rel=\"noopener\">\n\t\t<span>\n\t\t\t<span class=\"sow-icon-fontawesome sow-far\" data-sow-icon=\"&#xf3d1;\"\n\t\tstyle=\"color: #ffffff\" \n\t\taria-hidden=\"true\"><\/span>\n\t\t\tTickets sichern\t\t<\/span>\n\t\t\t<\/a>\n\t<\/div>\n<\/div><\/div><\/div><\/div><\/div><div id=\"pg-36404-2\"  class=\"panel-grid panel-has-style\" ><div class=\"panel-row-style panel-row-style-for-36404-2\" ><div id=\"pgc-36404-2-0\"  class=\"panel-grid-cell\" ><div id=\"panel-36404-2-0-0\" class=\"so-panel widget widget_shortcodes-ultimate shortcodes-ultimate panel-first-child\" data-index=\"4\" ><div class=\"textwidget\"><div class=\"su-divider su-divider-style-default\" style=\"margin:15px 0;border-width:2px;border-color:#00529F\"><\/div><\/div><\/div><div id=\"panel-36404-2-0-1\" class=\"so-panel widget widget_sow-headline\" data-index=\"5\" ><div\n\t\t\t\n\t\t\tclass=\"so-widget-sow-headline so-widget-sow-headline-default-7af2afabc6ec-36404 so-widget-fittext-wrapper\"\n\t\t\t data-fit-text-compressor=\"0.85\"\n\t\t><div class=\"sow-headline-container \">\n\t\t\t\t\t\t\t<h1 class=\"sow-headline\">\n\t\t\t\t\t\tDAS ULMER ZELT\t\t\t\t\t\t<\/h1>\n\t\t\t\t\t\t\t\t\t\t\t\t<h3 class=\"sow-sub-headline\">\n\t\t\t\t\t\tZwischen Ausee und Donau erstreckt sich jeden Sommer das ulmer zelt \u2013 ein Ort voller Musik, Sommerabende und Begegnungen, an dem sich Freund*innen treffen und neue Lieblingsmomente entstehen. Sieben Wochen lang pulsiert die Friedrichsau als kleines Festivalparadies: handverlesene Live-Kultur, laue Abende im Biergarten, bunte Flohm\u00e4rkte und spannendes Kinderprogramm. Im blau-roten Rundzelt begegnen sich leidenschaftliche K\u00fcnstlerinnen und begeisterte G\u00e4ste, es wird getanzt, gestaunt, gelacht \u2013 und das besondere Zeltgef\u00fchl ist \u00fcberall sp\u00fcrbar. Von Rock und Pop \u00fcber Indie, Blues und Kabarett bis hin zu Theater und Artistik ist f\u00fcr jede*n etwas dabei \u2013 ein Sommer, den man am liebsten mit allen teilt.\t\t\t\t\t\t<\/h3>\n\t\t\t\t\t\t<\/div>\n<\/div><\/div><div id=\"panel-36404-2-0-2\" class=\"so-panel widget widget_shortcodes-ultimate shortcodes-ultimate panel-last-child\" data-index=\"6\" ><div class=\"textwidget\"><div class=\"su-divider su-divider-style-default\" style=\"margin:15px 0;border-width:2px;border-color:#00529F\"><\/div><\/div><\/div><\/div><\/div><\/div><div id=\"pg-36404-3\"  class=\"panel-grid panel-no-style\" ><div id=\"pgc-36404-3-0\"  class=\"panel-grid-cell\" ><div id=\"panel-36404-3-0-0\" class=\"so-panel widget widget_sow-slider panel-first-child panel-last-child\" data-index=\"7\" ><div\n\t\t\t\n\t\t\tclass=\"so-widget-sow-slider so-widget-sow-slider-default-6d39609536fd-36404\"\n\t\t\t\n\t\t>\t\t\t\t<div class=\"sow-slider-base\" style=\"display: none\" tabindex=\"0\">\n\t\t\t\t\t<ul\n\t\t\t\t\tclass=\"sow-slider-images\"\n\t\t\t\t\tdata-settings=\"{&quot;pagination&quot;:true,&quot;speed&quot;:1400,&quot;timeout&quot;:1700,&quot;paused&quot;:false,&quot;pause_on_hover&quot;:false,&quot;swipe&quot;:true,&quot;nav_always_show_desktop&quot;:&quot;&quot;,&quot;nav_always_show_mobile&quot;:&quot;&quot;,&quot;breakpoint&quot;:&quot;780px&quot;,&quot;unmute&quot;:false,&quot;anchor&quot;:null}\"\n\t\t\t\t\t\t\t\t\t\tdata-anchor-id=\"\"\n\t\t\t\t>\t\t<li class=\"sow-slider-image\" style=\"visibility: visible;\" >\n\t\t\t\t\t\t<div class=\"sow-slider-image-container\">\n\t\t\t\t<div class=\"sow-slider-image-wrapper\" style=\"max-width: 2560px\">\n\t\t\t\t\t\t\t\t\t\t<div class=\"sow-slider-image-foreground-wrapper\">\n\t\t\t\t\t\t<img loading=\"lazy\" decoding=\"async\" width=\"2560\" height=\"1707\" src=\"https:\/\/ulmerzelt.de\/wp-content\/uploads\/2025\/10\/ulmer_zelt_Biergarten_03_cLauraReusche-scaled.jpg\" class=\"sow-slider-foreground-image\" alt=\"\" style=\"\" srcset=\"https:\/\/ulmerzelt.de\/wp-content\/uploads\/2025\/10\/ulmer_zelt_Biergarten_03_cLauraReusche-scaled.jpg 2560w, https:\/\/ulmerzelt.de\/wp-content\/uploads\/2025\/10\/ulmer_zelt_Biergarten_03_cLauraReusche-300x200.jpg 300w, https:\/\/ulmerzelt.de\/wp-content\/uploads\/2025\/10\/ulmer_zelt_Biergarten_03_cLauraReusche-1024x683.jpg 1024w, https:\/\/ulmerzelt.de\/wp-content\/uploads\/2025\/10\/ulmer_zelt_Biergarten_03_cLauraReusche-768x512.jpg 768w, https:\/\/ulmerzelt.de\/wp-content\/uploads\/2025\/10\/ulmer_zelt_Biergarten_03_cLauraReusche-391x260.jpg 391w, https:\/\/ulmerzelt.de\/wp-content\/uploads\/2025\/10\/ulmer_zelt_Biergarten_03_cLauraReusche-1536x1024.jpg 1536w, https:\/\/ulmerzelt.de\/wp-content\/uploads\/2025\/10\/ulmer_zelt_Biergarten_03_cLauraReusche-2048x1365.jpg 2048w, https:\/\/ulmerzelt.de\/wp-content\/uploads\/2025\/10\/ulmer_zelt_Biergarten_03_cLauraReusche-272x182.jpg 272w\" sizes=\"auto, (max-width: 2560px) 100vw, 2560px\" \/>\t\t\t\t\t<\/div>\n\t\t\t\t\t\t\t\t\t<\/div>\n\t\t\t<\/div>\n\t\t\t\t\t<\/li>\n\t\t\t\t<li class=\"sow-slider-image\" style=\"visibility: hidden;\" >\n\t\t\t\t\t\t<div class=\"sow-slider-image-container\">\n\t\t\t\t<div class=\"sow-slider-image-wrapper\" style=\"max-width: 2560px\">\n\t\t\t\t\t\t\t\t\t\t<div class=\"sow-slider-image-foreground-wrapper\">\n\t\t\t\t\t\t<img loading=\"lazy\" decoding=\"async\" width=\"2560\" height=\"1707\" src=\"https:\/\/ulmerzelt.de\/wp-content\/uploads\/2025\/10\/ulmer_zelt_Abendstimmung_01_cLauraReusche-scaled.jpg\" class=\"sow-slider-foreground-image\" alt=\"\" style=\"\" srcset=\"https:\/\/ulmerzelt.de\/wp-content\/uploads\/2025\/10\/ulmer_zelt_Abendstimmung_01_cLauraReusche-scaled.jpg 2560w, https:\/\/ulmerzelt.de\/wp-content\/uploads\/2025\/10\/ulmer_zelt_Abendstimmung_01_cLauraReusche-300x200.jpg 300w, https:\/\/ulmerzelt.de\/wp-content\/uploads\/2025\/10\/ulmer_zelt_Abendstimmung_01_cLauraReusche-1024x683.jpg 1024w, https:\/\/ulmerzelt.de\/wp-content\/uploads\/2025\/10\/ulmer_zelt_Abendstimmung_01_cLauraReusche-768x512.jpg 768w, https:\/\/ulmerzelt.de\/wp-content\/uploads\/2025\/10\/ulmer_zelt_Abendstimmung_01_cLauraReusche-391x260.jpg 391w, https:\/\/ulmerzelt.de\/wp-content\/uploads\/2025\/10\/ulmer_zelt_Abendstimmung_01_cLauraReusche-1536x1024.jpg 1536w, https:\/\/ulmerzelt.de\/wp-content\/uploads\/2025\/10\/ulmer_zelt_Abendstimmung_01_cLauraReusche-2048x1365.jpg 2048w, https:\/\/ulmerzelt.de\/wp-content\/uploads\/2025\/10\/ulmer_zelt_Abendstimmung_01_cLauraReusche-272x182.jpg 272w\" sizes=\"auto, (max-width: 2560px) 100vw, 2560px\" \/>\t\t\t\t\t<\/div>\n\t\t\t\t\t\t\t\t\t<\/div>\n\t\t\t<\/div>\n\t\t\t\t\t<\/li>\n\t\t\t\t<li class=\"sow-slider-image\" style=\"visibility: hidden;\" >\n\t\t\t\t\t\t<div class=\"sow-slider-image-container\">\n\t\t\t\t<div class=\"sow-slider-image-wrapper\" style=\"max-width: 2560px\">\n\t\t\t\t\t\t\t\t\t\t<div class=\"sow-slider-image-foreground-wrapper\">\n\t\t\t\t\t\t<img loading=\"lazy\" decoding=\"async\" width=\"2560\" height=\"1707\" src=\"https:\/\/ulmerzelt.de\/wp-content\/uploads\/2025\/10\/ulmer_zelt_Biergarten_04_cLauraReusche-scaled.jpg\" class=\"sow-slider-foreground-image\" alt=\"\" style=\"\" srcset=\"https:\/\/ulmerzelt.de\/wp-content\/uploads\/2025\/10\/ulmer_zelt_Biergarten_04_cLauraReusche-scaled.jpg 2560w, https:\/\/ulmerzelt.de\/wp-content\/uploads\/2025\/10\/ulmer_zelt_Biergarten_04_cLauraReusche-300x200.jpg 300w, https:\/\/ulmerzelt.de\/wp-content\/uploads\/2025\/10\/ulmer_zelt_Biergarten_04_cLauraReusche-1024x683.jpg 1024w, https:\/\/ulmerzelt.de\/wp-content\/uploads\/2025\/10\/ulmer_zelt_Biergarten_04_cLauraReusche-768x512.jpg 768w, https:\/\/ulmerzelt.de\/wp-content\/uploads\/2025\/10\/ulmer_zelt_Biergarten_04_cLauraReusche-391x260.jpg 391w, https:\/\/ulmerzelt.de\/wp-content\/uploads\/2025\/10\/ulmer_zelt_Biergarten_04_cLauraReusche-1536x1024.jpg 1536w, https:\/\/ulmerzelt.de\/wp-content\/uploads\/2025\/10\/ulmer_zelt_Biergarten_04_cLauraReusche-2048x1365.jpg 2048w, https:\/\/ulmerzelt.de\/wp-content\/uploads\/2025\/10\/ulmer_zelt_Biergarten_04_cLauraReusche-272x182.jpg 272w\" sizes=\"auto, (max-width: 2560px) 100vw, 2560px\" \/>\t\t\t\t\t<\/div>\n\t\t\t\t\t\t\t\t\t<\/div>\n\t\t\t<\/div>\n\t\t\t\t\t<\/li>\n\t\t\t\t<li class=\"sow-slider-image\" style=\"visibility: hidden;\" >\n\t\t\t\t\t\t<div class=\"sow-slider-image-container\">\n\t\t\t\t<div class=\"sow-slider-image-wrapper\" style=\"max-width: 2560px\">\n\t\t\t\t\t\t\t\t\t\t<div class=\"sow-slider-image-foreground-wrapper\">\n\t\t\t\t\t\t<img loading=\"lazy\" decoding=\"async\" width=\"2560\" height=\"1707\" src=\"https:\/\/ulmerzelt.de\/wp-content\/uploads\/2025\/10\/ulmer_zelt_Flohmarkt_03_cLauraReusche-scaled.jpg\" class=\"sow-slider-foreground-image\" alt=\"\" style=\"\" srcset=\"https:\/\/ulmerzelt.de\/wp-content\/uploads\/2025\/10\/ulmer_zelt_Flohmarkt_03_cLauraReusche-scaled.jpg 2560w, https:\/\/ulmerzelt.de\/wp-content\/uploads\/2025\/10\/ulmer_zelt_Flohmarkt_03_cLauraReusche-300x200.jpg 300w, https:\/\/ulmerzelt.de\/wp-content\/uploads\/2025\/10\/ulmer_zelt_Flohmarkt_03_cLauraReusche-1024x683.jpg 1024w, https:\/\/ulmerzelt.de\/wp-content\/uploads\/2025\/10\/ulmer_zelt_Flohmarkt_03_cLauraReusche-768x512.jpg 768w, https:\/\/ulmerzelt.de\/wp-content\/uploads\/2025\/10\/ulmer_zelt_Flohmarkt_03_cLauraReusche-391x260.jpg 391w, https:\/\/ulmerzelt.de\/wp-content\/uploads\/2025\/10\/ulmer_zelt_Flohmarkt_03_cLauraReusche-1536x1024.jpg 1536w, https:\/\/ulmerzelt.de\/wp-content\/uploads\/2025\/10\/ulmer_zelt_Flohmarkt_03_cLauraReusche-2048x1365.jpg 2048w, https:\/\/ulmerzelt.de\/wp-content\/uploads\/2025\/10\/ulmer_zelt_Flohmarkt_03_cLauraReusche-272x182.jpg 272w\" sizes=\"auto, (max-width: 2560px) 100vw, 2560px\" \/>\t\t\t\t\t<\/div>\n\t\t\t\t\t\t\t\t\t<\/div>\n\t\t\t<\/div>\n\t\t\t\t\t<\/li>\n\t\t\t\t<li class=\"sow-slider-image\" style=\"visibility: hidden;\" >\n\t\t\t\t\t\t<div class=\"sow-slider-image-container\">\n\t\t\t\t<div class=\"sow-slider-image-wrapper\" style=\"max-width: 2560px\">\n\t\t\t\t\t\t\t\t\t\t<div class=\"sow-slider-image-foreground-wrapper\">\n\t\t\t\t\t\t<img loading=\"lazy\" decoding=\"async\" width=\"2560\" height=\"1707\" src=\"https:\/\/ulmerzelt.de\/wp-content\/uploads\/2025\/10\/ulmer_zelt_Stimmung_01_cLauraReusche-scaled.jpg\" class=\"sow-slider-foreground-image\" alt=\"\" style=\"\" srcset=\"https:\/\/ulmerzelt.de\/wp-content\/uploads\/2025\/10\/ulmer_zelt_Stimmung_01_cLauraReusche-scaled.jpg 2560w, https:\/\/ulmerzelt.de\/wp-content\/uploads\/2025\/10\/ulmer_zelt_Stimmung_01_cLauraReusche-300x200.jpg 300w, https:\/\/ulmerzelt.de\/wp-content\/uploads\/2025\/10\/ulmer_zelt_Stimmung_01_cLauraReusche-1024x683.jpg 1024w, https:\/\/ulmerzelt.de\/wp-content\/uploads\/2025\/10\/ulmer_zelt_Stimmung_01_cLauraReusche-768x512.jpg 768w, https:\/\/ulmerzelt.de\/wp-content\/uploads\/2025\/10\/ulmer_zelt_Stimmung_01_cLauraReusche-391x260.jpg 391w, https:\/\/ulmerzelt.de\/wp-content\/uploads\/2025\/10\/ulmer_zelt_Stimmung_01_cLauraReusche-1536x1024.jpg 1536w, https:\/\/ulmerzelt.de\/wp-content\/uploads\/2025\/10\/ulmer_zelt_Stimmung_01_cLauraReusche-2048x1365.jpg 2048w, https:\/\/ulmerzelt.de\/wp-content\/uploads\/2025\/10\/ulmer_zelt_Stimmung_01_cLauraReusche-272x182.jpg 272w\" sizes=\"auto, (max-width: 2560px) 100vw, 2560px\" \/>\t\t\t\t\t<\/div>\n\t\t\t\t\t\t\t\t\t<\/div>\n\t\t\t<\/div>\n\t\t\t\t\t<\/li>\n\t\t<\/ul>\t\t\t\t<ol class=\"sow-slider-pagination\">\n\t\t\t\t\t\t\t\t\t\t\t<li><a href=\"#\" data-goto=\"0\" aria-label=\"Display slide 1\"><\/a><\/li>\n\t\t\t\t\t\t\t\t\t\t\t<li><a href=\"#\" data-goto=\"1\" aria-label=\"Display slide 2\"><\/a><\/li>\n\t\t\t\t\t\t\t\t\t\t\t<li><a href=\"#\" data-goto=\"2\" aria-label=\"Display slide 3\"><\/a><\/li>\n\t\t\t\t\t\t\t\t\t\t\t<li><a href=\"#\" data-goto=\"3\" aria-label=\"Display slide 4\"><\/a><\/li>\n\t\t\t\t\t\t\t\t\t\t\t<li><a href=\"#\" data-goto=\"4\" aria-label=\"Display slide 5\"><\/a><\/li>\n\t\t\t\t\t\t\t\t\t<\/ol>\n\n\t\t\t\t<div class=\"sow-slide-nav sow-slide-nav-next\">\n\t\t\t\t\t<a href=\"#\" data-goto=\"next\" aria-label=\"Next slide\" data-action=\"next\">\n\t\t\t\t\t\t<em class=\"sow-sld-icon-thin-right\"><\/em>\n\t\t\t\t\t<\/a>\n\t\t\t\t<\/div>\n\n\t\t\t\t<div class=\"sow-slide-nav sow-slide-nav-prev\">\n\t\t\t\t\t<a href=\"#\" data-goto=\"previous\" aria-label=\"Previous slide\" data-action=\"prev\">\n\t\t\t\t\t\t<em class=\"sow-sld-icon-thin-left\"><\/em>\n\t\t\t\t\t<\/a>\n\t\t\t\t<\/div>\n\t\t\t\t<\/div><\/div><\/div><\/div><div id=\"pgc-36404-3-1\"  class=\"panel-grid-cell\" ><div id=\"panel-36404-3-1-0\" class=\"widget_text so-panel widget widget_custom_html panel-first-child panel-last-child\" data-index=\"8\" ><h3 class=\"widget-title\">Schon geh\u00f6rt?<\/h3><div class=\"textwidget custom-html-widget\">Mit dem ulmer zelt Newsletter bist du mitten im Geschehen \u2013 bevor\u2019s alle anderen wissen.\n<br>Neue Acts, geheime Tipps, Vorverkaufsstarts und Zeltgeschichten direkt in dein Postfach.\nSo bist du direkt dabei, wenn\u2019s wieder hei\u00dft: laue Abende, kalte Getr\u00e4nke, gute Musik und beste Stimmung.\n\t\n<p>Weil eh alle dr\u00fcber reden \u2013 sei gleich dabei!<\/p>\n\n<p><div class=\"tnp tnp-subscription \">\n<form method=\"post\" action=\"https:\/\/ulmerzelt.de\/wp-admin\/admin-ajax.php?action=tnp&amp;na=s\">\n<input type=\"hidden\" name=\"nlang\" value=\"\">\n<div class=\"tnp-field tnp-field-firstname\"><label for=\"tnp-1\">Vorname<\/label>\n<input class=\"tnp-name\" type=\"text\" name=\"nn\" id=\"tnp-1\" value=\"\" placeholder=\"\" required><\/div>\n<div class=\"tnp-field tnp-field-surname\"><label for=\"tnp-2\">Nachname<\/label>\n<input class=\"tnp-surname\" type=\"text\" name=\"ns\" id=\"tnp-2\" value=\"\" placeholder=\"\" required><\/div><div class=\"tnp-field tnp-field-email\"><label for=\"tnp-3\">Email<\/label>\n<input class=\"tnp-email\" type=\"email\" name=\"ne\" id=\"tnp-3\" value=\"\" placeholder=\"\" required><\/div>\n<div class=\"tnp-field tnp-lists\"><div class=\"tnp-field tnp-field-checkbox tnp-field-list\"><label for=\"nl5\"><input type=\"checkbox\" id=\"nl5\" name=\"nl[]\" value=\"10\"> Ja, ich bin ein Mensch und m\u00f6chte abonnieren<\/label><\/div>\n<\/div><div class=\"tnp-field tnp-privacy-field\"><label><input type=\"checkbox\" name=\"ny\" required class=\"tnp-privacy\"> <a target=\"_blank\" href=\"https:\/\/ulmerzelt.de\/?page_id=4503\">Indem Du fortf\u00e4hrst, akzeptierst Du unsere Datenschutzerkl\u00e4rung.<\/a><\/label><\/div><div class=\"tnp-field tnp-field-button\" style=\"text-align: left\"><input class=\"tnp-submit\" type=\"submit\" value=\"Abonnieren\" style=\"\">\n<\/div>\n<\/form>\n<\/div>\n<\/p><\/div><\/div><\/div><\/div><div id=\"pg-36404-4\"  class=\"panel-grid panel-has-style\" ><div class=\"siteorigin-panels-stretch panel-row-style panel-row-style-for-36404-4\" data-stretch-type=\"full-width-stretch\" ><div id=\"pgc-36404-4-0\"  class=\"panel-grid-cell\" ><div id=\"panel-36404-4-0-0\" class=\"so-panel widget widget_shortcodes-ultimate shortcodes-ultimate panel-first-child\" data-index=\"9\" ><div class=\"textwidget\"><div class=\"su-divider su-divider-style-default\" style=\"margin:15px 0;border-width:2px;border-color:#00529F\"><\/div><\/div><\/div><div id=\"panel-36404-4-0-1\" class=\"so-panel widget widget_sow-headline panel-last-child\" data-index=\"10\" ><div\n\t\t\t\n\t\t\tclass=\"so-widget-sow-headline so-widget-sow-headline-default-7af2afabc6ec-36404 so-widget-fittext-wrapper\"\n\t\t\t data-fit-text-compressor=\"0.85\"\n\t\t><div class=\"sow-headline-container \">\n\t\t\t\t\t\t\t<h1 class=\"sow-headline\">\n\t\t\t\t\t\tWE WANT YOU - aktuelle Ausschreibungen \t\t\t\t\t\t<\/h1>\n\t\t\t\t\t\t\t\t\t\t\t\t<h3 class=\"sow-sub-headline\">\n\t\t\t\t\t\tF\u00fcr den Zeitraum unserer Spielzeit sind wir auf der Suche nach motivierten Menschen, die Lust haben, uns in einem der genannten Bereiche zu unterst\u00fctzen. Viele spannende Einblicke, tolle Menschen und die besondere Atmosph\u00e4re unseres, deutschlandweit einzigartigen Zeltfestivals.\t\t\t\t\t\t<\/h3>\n\t\t\t\t\t\t<\/div>\n<\/div><\/div><\/div><\/div><\/div><div id=\"pg-36404-5\"  class=\"panel-grid panel-no-style\" ><div id=\"pgc-36404-5-0\"  class=\"panel-grid-cell\" ><div id=\"panel-36404-5-0-0\" class=\"so-panel widget widget_sow-image-grid panel-first-child panel-last-child\" data-index=\"11\" ><div\n\t\t\t\n\t\t\tclass=\"so-widget-sow-image-grid so-widget-sow-image-grid-default-8bf08a9600e8-36404\"\n\t\t\t\n\t\t>\t<div\n\t\tclass=\"sow-image-grid-wrapper\"\n\t\t\t\t\t>\n\t\t\t\t\t<div class=\"sow-image-grid-image\">\n\t\t\t\t\t\t\t\t\t\t\t\t\t<a href=\"https:\/\/ulmerzelt.de\/wp-content\/uploads\/2026\/02\/Praktikum-Veranstaltungsleitung.pdf\" target=\"_blank\" rel=\"noopener noreferrer\">\n\t\t\t\t\t\t\t\t<img loading=\"lazy\" decoding=\"async\" width=\"2048\" height=\"2560\" src=\"https:\/\/ulmerzelt.de\/wp-content\/uploads\/2026\/02\/Praktikum-Veranstaltungsleitung-scaled.png\" class=\"sow-image-grid-image_html\" alt=\"\" title=\"Praktikum Veranstaltungsleitung\" srcset=\"https:\/\/ulmerzelt.de\/wp-content\/uploads\/2026\/02\/Praktikum-Veranstaltungsleitung-scaled.png 2048w, https:\/\/ulmerzelt.de\/wp-content\/uploads\/2026\/02\/Praktikum-Veranstaltungsleitung-960x1200.png 960w, https:\/\/ulmerzelt.de\/wp-content\/uploads\/2026\/02\/Praktikum-Veranstaltungsleitung-1280x1600.png 1280w, https:\/\/ulmerzelt.de\/wp-content\/uploads\/2026\/02\/Praktikum-Veranstaltungsleitung-768x960.png 768w, https:\/\/ulmerzelt.de\/wp-content\/uploads\/2026\/02\/Praktikum-Veranstaltungsleitung-1229x1536.png 1229w, https:\/\/ulmerzelt.de\/wp-content\/uploads\/2026\/02\/Praktikum-Veranstaltungsleitung-1638x2048.png 1638w\" sizes=\"auto, (max-width: 2048px) 100vw, 2048px\" \/>\t\t\t\t\t\t\t\t\t<\/a>\n\t\t\t\t\t\t\t\t\t\t\t<\/div>\n\t\t\t<\/div>\n<\/div><\/div><\/div><div id=\"pgc-36404-5-1\"  class=\"panel-grid-cell\" ><div id=\"panel-36404-5-1-0\" class=\"so-panel widget widget_sow-image-grid panel-first-child panel-last-child\" data-index=\"12\" ><div\n\t\t\t\n\t\t\tclass=\"so-widget-sow-image-grid so-widget-sow-image-grid-default-8bf08a9600e8-36404\"\n\t\t\t\n\t\t>\t<div\n\t\tclass=\"sow-image-grid-wrapper\"\n\t\t\t\t\t>\n\t\t\t\t\t<div class=\"sow-image-grid-image\">\n\t\t\t\t\t\t\t\t\t\t\t\t\t<a href=\"https:\/\/ulmerzelt.de\/wp-content\/uploads\/2026\/02\/Praktikum-OeA.pdf\" target=\"_blank\" rel=\"noopener noreferrer\">\n\t\t\t\t\t\t\t\t<img loading=\"lazy\" decoding=\"async\" width=\"2048\" height=\"2560\" src=\"https:\/\/ulmerzelt.de\/wp-content\/uploads\/2026\/02\/Praktikum-OeA-scaled.png\" class=\"sow-image-grid-image_html\" alt=\"\" title=\"Praktikum \u00d6A\" srcset=\"https:\/\/ulmerzelt.de\/wp-content\/uploads\/2026\/02\/Praktikum-OeA-scaled.png 2048w, https:\/\/ulmerzelt.de\/wp-content\/uploads\/2026\/02\/Praktikum-OeA-960x1200.png 960w, https:\/\/ulmerzelt.de\/wp-content\/uploads\/2026\/02\/Praktikum-OeA-1280x1600.png 1280w, https:\/\/ulmerzelt.de\/wp-content\/uploads\/2026\/02\/Praktikum-OeA-768x960.png 768w, https:\/\/ulmerzelt.de\/wp-content\/uploads\/2026\/02\/Praktikum-OeA-1229x1536.png 1229w, https:\/\/ulmerzelt.de\/wp-content\/uploads\/2026\/02\/Praktikum-OeA-1638x2048.png 1638w\" sizes=\"auto, (max-width: 2048px) 100vw, 2048px\" \/>\t\t\t\t\t\t\t\t\t<\/a>\n\t\t\t\t\t\t\t\t\t\t\t<\/div>\n\t\t\t<\/div>\n<\/div><\/div><\/div><div id=\"pgc-36404-5-2\"  class=\"panel-grid-cell\" ><div id=\"panel-36404-5-2-0\" class=\"so-panel widget widget_sow-image-grid panel-first-child panel-last-child\" data-index=\"13\" ><div\n\t\t\t\n\t\t\tclass=\"so-widget-sow-image-grid so-widget-sow-image-grid-default-8bf08a9600e8-36404\"\n\t\t\t\n\t\t>\t<div\n\t\tclass=\"sow-image-grid-wrapper\"\n\t\t\t\t\t>\n\t\t\t\t\t<div class=\"sow-image-grid-image\">\n\t\t\t\t\t\t\t\t\t\t\t\t\t<a href=\"https:\/\/ulmerzelt.de\/wp-content\/uploads\/2026\/02\/Praktikum-Technik.pdf\" target=\"_blank\" rel=\"noopener noreferrer\">\n\t\t\t\t\t\t\t\t<img loading=\"lazy\" decoding=\"async\" width=\"2048\" height=\"2560\" src=\"https:\/\/ulmerzelt.de\/wp-content\/uploads\/2026\/02\/Praktikum-Technik-scaled.png\" class=\"sow-image-grid-image_html\" alt=\"\" title=\"Praktikum Technik\" srcset=\"https:\/\/ulmerzelt.de\/wp-content\/uploads\/2026\/02\/Praktikum-Technik-scaled.png 2048w, https:\/\/ulmerzelt.de\/wp-content\/uploads\/2026\/02\/Praktikum-Technik-960x1200.png 960w, https:\/\/ulmerzelt.de\/wp-content\/uploads\/2026\/02\/Praktikum-Technik-1280x1600.png 1280w, https:\/\/ulmerzelt.de\/wp-content\/uploads\/2026\/02\/Praktikum-Technik-768x960.png 768w, https:\/\/ulmerzelt.de\/wp-content\/uploads\/2026\/02\/Praktikum-Technik-1229x1536.png 1229w, https:\/\/ulmerzelt.de\/wp-content\/uploads\/2026\/02\/Praktikum-Technik-1638x2048.png 1638w\" sizes=\"auto, (max-width: 2048px) 100vw, 2048px\" \/>\t\t\t\t\t\t\t\t\t<\/a>\n\t\t\t\t\t\t\t\t\t\t\t<\/div>\n\t\t\t<\/div>\n<\/div><\/div><\/div><\/div><div id=\"pg-36404-6\"  class=\"panel-grid panel-no-style\" ><div id=\"pgc-36404-6-0\"  class=\"panel-grid-cell\" ><div id=\"panel-36404-6-0-0\" class=\"so-panel widget widget_shortcodes-ultimate shortcodes-ultimate panel-first-child\" data-index=\"14\" ><div class=\"textwidget\"><div class=\"su-divider su-divider-style-default\" style=\"margin:15px 0;border-width:2px;border-color:#00529F\"><\/div><\/div><\/div><div id=\"panel-36404-6-0-1\" class=\"so-panel widget widget_sow-headline\" data-index=\"15\" ><div\n\t\t\t\n\t\t\tclass=\"so-widget-sow-headline so-widget-sow-headline-default-ec1b118bddb6-36404 so-widget-fittext-wrapper\"\n\t\t\t data-fit-text-compressor=\"0.85\"\n\t\t><div class=\"sow-headline-container \">\n\t\t\t\t\t\t\t<h1 class=\"sow-headline\">\n\t\t\t\t\t\tPodcast-Tipp\t\t\t\t\t\t<\/h1>\n\t\t\t\t\t\t\t\t\t\t\t\t<h3 class=\"sow-sub-headline\">\n\t\t\t\t\t\t\t\t\t\t\t\t\t<a href=\"https:\/\/weihnachtsmarktpodcast.podigee.io\/169-der-donau-3-fm-weihnachtspodcast-mit-anne-mann-vom-ulmer-zelt#t=23\" target=\"_blank\" rel=\"noopener\">\n\t\t\t\t\t\t\t\tHier geht's zu Einblicken ins Ulmer Zelt dar\u00fcber, wie Ehrenamt, Vielfalt und regionale K\u00fcnstler das Festival einzigartig machen.<\/a>\t\t\t\t\t\t<\/h3>\n\t\t\t\t\t\t<\/div>\n<\/div><\/div><div id=\"panel-36404-6-0-2\" class=\"so-panel widget widget_shortcodes-ultimate shortcodes-ultimate panel-last-child\" data-index=\"16\" ><div class=\"textwidget\"><div class=\"su-divider su-divider-style-default\" style=\"margin:15px 0;border-width:2px;border-color:#00529F\"><\/div><\/div><\/div><\/div><\/div><\/div>","protected":false},"excerpt":{"rendered":"<p>+++ gesamtes Programm ver\u00f6ffentlicht &#8211; Tickets jetzt sichern +++ gesamtes Programm ver\u00f6ffentlicht &#8211; Tickets jetzt sichern +++ gesamtes Programm ver\u00f6ffentlicht &#8211; Tickets jetzt sichern +++ hier zum Programm Tickets sichern DAS ULMER ZELT Zwischen Ausee und Donau erstreckt sich jeden Sommer das ulmer zelt \u2013 ein Ort voller Musik, Sommerabende und Begegnungen, an dem sich &hellip;<\/p>\n<p class=\"read-more\"> <a class=\"ast-button\" href=\"https:\/\/ulmerzelt.de\/\"> <span class=\"screen-reader-text\">Startseite<\/span> Read More \u00bb<\/a><\/p>\n","protected":false},"author":218,"featured_media":0,"parent":0,"menu_order":0,"comment_status":"closed","ping_status":"closed","template":"","meta":{"site-sidebar-layout":"default","site-content-layout":"plain-container","ast-global-header-display":"","ast-main-header-display":"","ast-hfb-above-header-display":"","ast-hfb-below-header-display":"","ast-hfb-mobile-header-display":"","site-post-title":"disabled","ast-breadcrumbs-content":"","ast-featured-img":"disabled","footer-sml-layout":"","theme-transparent-header-meta":"default","adv-header-id-meta":"","stick-header-meta":"default","header-above-stick-meta":"","header-main-stick-meta":"","header-below-stick-meta":"","ngg_post_thumbnail":0,"footnotes":""},"class_list":["post-36404","page","type-page","status-publish","hentry"],"jetpack_sharing_enabled":true,"_links":{"self":[{"href":"https:\/\/ulmerzelt.de\/index.php?rest_route=\/wp\/v2\/pages\/36404","targetHints":{"allow":["GET"]}}],"collection":[{"href":"https:\/\/ulmerzelt.de\/index.php?rest_route=\/wp\/v2\/pages"}],"about":[{"href":"https:\/\/ulmerzelt.de\/index.php?rest_route=\/wp\/v2\/types\/page"}],"author":[{"embeddable":true,"href":"https:\/\/ulmerzelt.de\/index.php?rest_route=\/wp\/v2\/users\/218"}],"replies":[{"embeddable":true,"href":"https:\/\/ulmerzelt.de\/index.php?rest_route=%2Fwp%2Fv2%2Fcomments&post=36404"}],"version-history":[{"count":36,"href":"https:\/\/ulmerzelt.de\/index.php?rest_route=\/wp\/v2\/pages\/36404\/revisions"}],"predecessor-version":[{"id":41467,"href":"https:\/\/ulmerzelt.de\/index.php?rest_route=\/wp\/v2\/pages\/36404\/revisions\/41467"}],"wp:attachment":[{"href":"https:\/\/ulmerzelt.de\/index.php?rest_route=%2Fwp%2Fv2%2Fmedia&parent=36404"}],"curies":[{"name":"wp","href":"https:\/\/api.w.org\/{rel}","templated":true}]}}